{"id":55,"date":"2014-01-06T18:12:32","date_gmt":"2014-01-06T16:12:32","guid":{"rendered":"http:\/\/www.starschnitt.de\/wordpress\/?page_id=55"},"modified":"2024-01-24T16:17:50","modified_gmt":"2024-01-24T14:17:50","slug":"aachen-boxgraben","status":"publish","type":"page","link":"https:\/\/www.starschnitt.de\/wordpress\/salons\/aachen-boxgraben\/","title":{"rendered":"Aachen Boxgraben"},"content":{"rendered":"<table style=\"width: 100%;\" border=\"0\" cellspacing=\"0\" cellpadding=\"0\">\n<tbody>\n<tr>\n<td style=\"width: 53.0952%;\"><a href=\"https:\/\/www.starschnitt.de\/wordpress\/wp-content\/uploads\/2014\/01\/TeamAachen.jpg\"><img decoding=\"async\" loading=\"lazy\" class=\"alignnone size-medium wp-image-879\" src=\"https:\/\/www.starschnitt.de\/wordpress\/wp-content\/uploads\/2014\/01\/TeamAachen-300x300.jpg\" alt=\"\" width=\"300\" height=\"300\" srcset=\"https:\/\/www.starschnitt.de\/wordpress\/wp-content\/uploads\/2014\/01\/TeamAachen-300x300.jpg 300w, https:\/\/www.starschnitt.de\/wordpress\/wp-content\/uploads\/2014\/01\/TeamAachen-150x150.jpg 150w, https:\/\/www.starschnitt.de\/wordpress\/wp-content\/uploads\/2014\/01\/TeamAachen-768x767.jpg 768w, https:\/\/www.starschnitt.de\/wordpress\/wp-content\/uploads\/2014\/01\/TeamAachen-600x599.jpg 600w, https:\/\/www.starschnitt.de\/wordpress\/wp-content\/uploads\/2014\/01\/TeamAachen.jpg 814w\" sizes=\"(max-width: 300px) 100vw, 300px\" \/><\/a><\/td>\n<td style=\"width: 46.6667%;\">\n<p align=\"left\">Starschnitt &#8211; Mein <a href=\"https:\/\/www.starschnitt.de\/article-88-starschnitt-mein-friseur-in-aachen.html\">Friseur in Aachen<\/a><br \/>\nBoxgraben 70<br \/>\n52064 Aachen<\/p>\n<p align=\"left\">Telefon: 0241 \/ 4008486<\/p>\n<p align=\"left\">\u00d6ffnungszeiten:<br \/>\nDienstag bis Mittwoch 9-18 Uhr<br \/>\nDonnerstag bis Freitag 9-19 Uhr<br \/>\nSamstag 8-14 Uhr<\/p>\n<p align=\"left\">\n<\/td>\n<\/tr>\n<tr>\n<td style=\"width: 53.0952%;\"><iframe loading=\"lazy\" src=\"https:\/\/maps.google.de\/maps?f=q&amp;source=s_q&amp;hl=de&amp;geocode=&amp;q=Boxgraben+70+52064+Aachen&amp;aq=&amp;sll=50.953399,13.959696&amp;sspn=0.011206,0.033023&amp;ie=UTF8&amp;hq=&amp;hnear=Boxgraben+70,+Mitte+52064+Aachen&amp;t=m&amp;ll=50.768806,6.081491&amp;spn=0.00475,0.007403&amp;z=16&amp;iwloc=A&amp;output=embed\" width=\"345\" height=\"350\" frameborder=\"0\" marginwidth=\"0\" marginheight=\"0\" scrolling=\"no\"><\/iframe><br \/>\n<small><a style=\"color: #0000ff; text-align: left;\" href=\"https:\/\/maps.google.de\/maps?f=q&amp;source=embed&amp;hl=de&amp;geocode=&amp;q=Boxgraben+70+52064+Aachen&amp;aq=&amp;sll=50.953399,13.959696&amp;sspn=0.011206,0.033023&amp;ie=UTF8&amp;hq=&amp;hnear=Boxgraben+70,+Mitte+52064+Aachen&amp;t=m&amp;ll=50.768806,6.081491&amp;spn=0.00475,0.007403&amp;z=16&amp;iwloc=A\">Gr\u00f6\u00dfere Kartenansicht<\/a><\/small><\/td>\n<td style=\"width: 46.6667%;\">\u00a0<iframe loading=\"lazy\" style=\"border: none; overflow: hidden; width: 300px; height: 395px;\" src=\"\/\/www.facebook.com\/plugins\/likebox.php?href=https%3A%2F%2Fwww.facebook.com%2FStarschnitt.Aachen&amp;width=300&amp;height=395&amp;colorscheme=dark&amp;show_faces=false&amp;header=false&amp;stream=true&amp;show_border=true&amp;appId=240070786033811\" width=\"300\" height=\"150\" frameborder=\"0\" scrolling=\"no\"><\/iframe><\/td>\n<\/tr>\n<tr>\n<td style=\"width: 99.7619%;\" colspan=\"2\">\n<p><center><\/p>\n<p><a href=\"https:\/\/www.starschnitt.de\/wordpress\/wp-content\/uploads\/2023\/08\/Final_preisliste_700-x-1000mm_10mm-Beschnitt_07_23-scaled.jpg\"><img decoding=\"async\" loading=\"lazy\" class=\"alignnone wp-image-1211 size-full\" src=\"https:\/\/www.starschnitt.de\/wordpress\/wp-content\/uploads\/2023\/08\/Final_preisliste_700-x-1000mm_10mm-Beschnitt_07_23-scaled.jpg\" alt=\"\" width=\"1807\" height=\"2560\" srcset=\"https:\/\/www.starschnitt.de\/wordpress\/wp-content\/uploads\/2023\/08\/Final_preisliste_700-x-1000mm_10mm-Beschnitt_07_23-scaled.jpg 1807w, https:\/\/www.starschnitt.de\/wordpress\/wp-content\/uploads\/2023\/08\/Final_preisliste_700-x-1000mm_10mm-Beschnitt_07_23-212x300.jpg 212w, https:\/\/www.starschnitt.de\/wordpress\/wp-content\/uploads\/2023\/08\/Final_preisliste_700-x-1000mm_10mm-Beschnitt_07_23-723x1024.jpg 723w, https:\/\/www.starschnitt.de\/wordpress\/wp-content\/uploads\/2023\/08\/Final_preisliste_700-x-1000mm_10mm-Beschnitt_07_23-768x1088.jpg 768w, https:\/\/www.starschnitt.de\/wordpress\/wp-content\/uploads\/2023\/08\/Final_preisliste_700-x-1000mm_10mm-Beschnitt_07_23-600x850.jpg 600w, https:\/\/www.starschnitt.de\/wordpress\/wp-content\/uploads\/2023\/08\/Final_preisliste_700-x-1000mm_10mm-Beschnitt_07_23-1084x1536.jpg 1084w, https:\/\/www.starschnitt.de\/wordpress\/wp-content\/uploads\/2023\/08\/Final_preisliste_700-x-1000mm_10mm-Beschnitt_07_23-1446x2048.jpg 1446w\" sizes=\"(max-width: 1807px) 100vw, 1807px\" \/><\/a><\/p>\n<p><\/center><\/td>\n<\/tr>\n<\/tbody>\n<\/table>\n","protected":false},"excerpt":{"rendered":"<p>Starschnitt &#8211; Mein Friseur in Aachen Boxgraben 70 52064 Aachen Telefon: 0241 \/ 4008486 \u00d6ffnungszeiten: Dienstag bis Mittwoch 9-18 Uhr Donnerstag bis Freitag 9-19 Uhr Samstag 8-14 Uhr Gr\u00f6\u00dfere Kartenansicht \u00a0<\/p>\n<a class=\"more-link\" rel=\"nofollow\" href=\"https:\/\/www.starschnitt.de\/wordpress\/salons\/aachen-boxgraben\/\">[mehr...]<\/a>","protected":false},"author":2,"featured_media":0,"parent":42,"menu_order":0,"comment_status":"closed","ping_status":"closed","template":"","meta":[],"_links":{"self":[{"href":"https:\/\/www.starschnitt.de\/wordpress\/wp-json\/wp\/v2\/pages\/55"}],"collection":[{"href":"https:\/\/www.starschnitt.de\/wordpress\/wp-json\/wp\/v2\/pages"}],"about":[{"href":"https:\/\/www.starschnitt.de\/wordpress\/wp-json\/wp\/v2\/types\/page"}],"author":[{"embeddable":true,"href":"https:\/\/www.starschnitt.de\/wordpress\/wp-json\/wp\/v2\/users\/2"}],"replies":[{"embeddable":true,"href":"https:\/\/www.starschnitt.de\/wordpress\/wp-json\/wp\/v2\/comments?post=55"}],"version-history":[{"count":23,"href":"https:\/\/www.starschnitt.de\/wordpress\/wp-json\/wp\/v2\/pages\/55\/revisions"}],"predecessor-version":[{"id":1356,"href":"https:\/\/www.starschnitt.de\/wordpress\/wp-json\/wp\/v2\/pages\/55\/revisions\/1356"}],"up":[{"embeddable":true,"href":"https:\/\/www.starschnitt.de\/wordpress\/wp-json\/wp\/v2\/pages\/42"}],"wp:attachment":[{"href":"https:\/\/www.starschnitt.de\/wordpress\/wp-json\/wp\/v2\/media?parent=55"}],"curies":[{"name":"wp","href":"https:\/\/api.w.org\/{rel}","templated":true}]}}