{"id":137,"date":"2014-01-07T12:38:01","date_gmt":"2014-01-07T10:38:01","guid":{"rendered":"http:\/\/www.starschnitt.de\/wordpress\/?page_id=137"},"modified":"2024-01-24T12:54:20","modified_gmt":"2024-01-24T10:54:20","slug":"pirna-strasse-der-jugend","status":"publish","type":"page","link":"https:\/\/www.starschnitt.de\/wordpress\/salons-ost\/pirna-strasse-der-jugend\/","title":{"rendered":"Pirna Sonnenstein"},"content":{"rendered":"<table style=\"width: 100%; height: 1761px;\" border=\"0\" width=\"100%\" cellspacing=\"0\" cellpadding=\"0\">\n<tbody>\n<tr style=\"height: 331px;\">\n<td style=\"width: 60.8621%; height: 331px;\"><a href=\"https:\/\/www.starschnitt.de\/wordpress\/wp-content\/uploads\/2024\/01\/logo.jpg\"><img decoding=\"async\" loading=\"lazy\" class=\"size-medium wp-image-1227 aligncenter\" src=\"https:\/\/www.starschnitt.de\/wordpress\/wp-content\/uploads\/2024\/01\/logo-300x300.jpg\" alt=\"\" width=\"300\" height=\"300\" srcset=\"https:\/\/www.starschnitt.de\/wordpress\/wp-content\/uploads\/2024\/01\/logo-300x300.jpg 300w, https:\/\/www.starschnitt.de\/wordpress\/wp-content\/uploads\/2024\/01\/logo-1024x1024.jpg 1024w, https:\/\/www.starschnitt.de\/wordpress\/wp-content\/uploads\/2024\/01\/logo-150x150.jpg 150w, https:\/\/www.starschnitt.de\/wordpress\/wp-content\/uploads\/2024\/01\/logo-768x768.jpg 768w, https:\/\/www.starschnitt.de\/wordpress\/wp-content\/uploads\/2024\/01\/logo-600x600.jpg 600w, https:\/\/www.starschnitt.de\/wordpress\/wp-content\/uploads\/2024\/01\/logo.jpg 1080w\" sizes=\"(max-width: 300px) 100vw, 300px\" \/><\/a><\/td>\n<td style=\"width: 38.7931%; height: 331px;\">\n<h4 align=\"left\">Starschnitt Mein Friseur<\/h4>\n<p align=\"left\">Struppener Stra\u00dfe 10<\/p>\n<p>01796 Pirna<\/p>\n<p align=\"left\">Telefon: 03501 \/ 773007<\/p>\n<h4 align=\"left\">\u00d6ffnungszeiten:<\/h4>\n<ul>\n<li>Montag bis Freitag: 9:00-18:00 Uhr<\/li>\n<li>Samstag: 8:00-13:00 Uhr<\/li>\n<\/ul>\n<\/td>\n<\/tr>\n<tr style=\"height: 379px;\">\n<td style=\"width: 60.8621%; height: 379px;\"><iframe loading=\"lazy\" src=\"https:\/\/maps.google.de\/maps?f=q&amp;source=s_q&amp;hl=de&amp;geocode=&amp;q=Stra%C3%9Fe+der+Jugend+2+01796+Pirna&amp;aq=&amp;sll=50.94853,13.94217&amp;sspn=0.011207,0.033023&amp;ie=UTF8&amp;hq=&amp;hnear=Stra%C3%9Fe+der+Jugend+2,+01796+Pirna&amp;t=m&amp;ll=50.953459,13.955458&amp;spn=0.002366,0.003701&amp;z=17&amp;iwloc=A&amp;output=embed\" width=\"345\" height=\"350\" frameborder=\"0\" marginwidth=\"0\" marginheight=\"0\" scrolling=\"no\"><\/iframe><br \/>\n<small><a style=\"color: #0000ff; text-align: left;\" href=\"https:\/\/maps.google.de\/maps?f=q&amp;source=embed&amp;hl=de&amp;geocode=&amp;q=Stra%C3%9Fe+der+Jugend+2+01796+Pirna&amp;aq=&amp;sll=50.94853,13.94217&amp;sspn=0.011207,0.033023&amp;ie=UTF8&amp;hq=&amp;hnear=Stra%C3%9Fe+der+Jugend+2,+01796+Pirna&amp;t=m&amp;ll=50.953459,13.955458&amp;spn=0.002366,0.003701&amp;z=17&amp;iwloc=A\">Gr\u00f6\u00dfere Kartenansicht<\/a><\/small><\/td>\n<td style=\"width: 38.7931%; height: 379px;\"><\/td>\n<\/tr>\n<tr style=\"height: 1051px;\">\n<td style=\"width: 99.6552%; height: 1051px;\" colspan=\"2\"><a href=\"https:\/\/www.starschnitt.de\/wordpress\/wp-content\/uploads\/2024\/01\/preise-ss-duh_aug23.png\"><img decoding=\"async\" loading=\"lazy\" class=\"size-large wp-image-1293 aligncenter\" src=\"https:\/\/www.starschnitt.de\/wordpress\/wp-content\/uploads\/2024\/01\/preise-ss-duh_aug23-679x1024.png\" alt=\"\" width=\"679\" height=\"1024\" srcset=\"https:\/\/www.starschnitt.de\/wordpress\/wp-content\/uploads\/2024\/01\/preise-ss-duh_aug23-679x1024.png 679w, https:\/\/www.starschnitt.de\/wordpress\/wp-content\/uploads\/2024\/01\/preise-ss-duh_aug23-199x300.png 199w, https:\/\/www.starschnitt.de\/wordpress\/wp-content\/uploads\/2024\/01\/preise-ss-duh_aug23-600x905.png 600w, https:\/\/www.starschnitt.de\/wordpress\/wp-content\/uploads\/2024\/01\/preise-ss-duh_aug23.png 697w\" sizes=\"(max-width: 679px) 100vw, 679px\" \/><\/a><\/td>\n<\/tr>\n<\/tbody>\n<\/table>\n","protected":false},"excerpt":{"rendered":"<p>Starschnitt Mein Friseur Struppener Stra\u00dfe 10 01796 Pirna Telefon: 03501 \/ 773007 \u00d6ffnungszeiten: Montag bis Freitag: 9:00-18:00 Uhr Samstag: 8:00-13:00 Uhr Gr\u00f6\u00dfere Kartenansicht<\/p>\n<a class=\"more-link\" rel=\"nofollow\" href=\"https:\/\/www.starschnitt.de\/wordpress\/salons-ost\/pirna-strasse-der-jugend\/\">[mehr...]<\/a>","protected":false},"author":2,"featured_media":0,"parent":121,"menu_order":0,"comment_status":"closed","ping_status":"closed","template":"","meta":[],"_links":{"self":[{"href":"https:\/\/www.starschnitt.de\/wordpress\/wp-json\/wp\/v2\/pages\/137"}],"collection":[{"href":"https:\/\/www.starschnitt.de\/wordpress\/wp-json\/wp\/v2\/pages"}],"about":[{"href":"https:\/\/www.starschnitt.de\/wordpress\/wp-json\/wp\/v2\/types\/page"}],"author":[{"embeddable":true,"href":"https:\/\/www.starschnitt.de\/wordpress\/wp-json\/wp\/v2\/users\/2"}],"replies":[{"embeddable":true,"href":"https:\/\/www.starschnitt.de\/wordpress\/wp-json\/wp\/v2\/comments?post=137"}],"version-history":[{"count":12,"href":"https:\/\/www.starschnitt.de\/wordpress\/wp-json\/wp\/v2\/pages\/137\/revisions"}],"predecessor-version":[{"id":1302,"href":"https:\/\/www.starschnitt.de\/wordpress\/wp-json\/wp\/v2\/pages\/137\/revisions\/1302"}],"up":[{"embeddable":true,"href":"https:\/\/www.starschnitt.de\/wordpress\/wp-json\/wp\/v2\/pages\/121"}],"wp:attachment":[{"href":"https:\/\/www.starschnitt.de\/wordpress\/wp-json\/wp\/v2\/media?parent=137"}],"curies":[{"name":"wp","href":"https:\/\/api.w.org\/{rel}","templated":true}]}}